{"id":14461,"date":"2025-12-19T01:51:15","date_gmt":"2025-12-19T00:51:15","guid":{"rendered":"https:\/\/www.leaplytics.de\/?page_id=14461"},"modified":"2025-12-19T01:51:16","modified_gmt":"2025-12-19T00:51:16","slug":"szerzodes-felulvizsgalat-ai","status":"publish","type":"page","link":"https:\/\/www.leaplytics.de\/hu\/szerzodes-felulvizsgalat-ai\/","title":{"rendered":"Szerz\u0151d\u00e9s fel\u00fclvizsg\u00e1lata AI"},"content":{"rendered":"<h2>AI a szerz\u0151d\u00e9s fel\u00fclvizsg\u00e1lat\u00e1hoz: A fel\u00fclvizsg\u00e1lati id\u0151 cs\u00f6kkent\u00e9se 60%-vel a min\u0151s\u00e9g cs\u00f6kkent\u00e9se n\u00e9lk\u00fcl<\/h2>\n\n<p>Az \u00d6n csapata \u00e9vente t\u00f6bb sz\u00e1z szerz\u0151d\u00e9st vizsg\u00e1l \u00e1t. NDA-k. Szolg\u00e1ltat\u00e1si meg\u00e1llapod\u00e1sokat. Beszerz\u00e9si megb\u00edz\u00e1sokat. Munkaszerz\u0151d\u00e9sek. Sz\u00e1ll\u00edt\u00f3i szerz\u0151d\u00e9sek. Partners\u00e9gi meg\u00e1llapod\u00e1sok.<\/p>\n<p>Mindegyiknek figyelmet kell szentelni. Minden egyes z\u00e1rad\u00e9k ellen\u0151rz\u00e9sre szorul. Minden elt\u00e9r\u00e9st a szabv\u00e1nyt\u00f3l meg kell jel\u00f6lni.<\/p>\n<p>A munka elengedhetetlen. \u00c9s ism\u00e9tl\u0151d\u0151 is. \u00c9s soha nem \u00e1ll meg.<\/p>\n<p>Az AI ezt megv\u00e1ltoztatja. Az els\u0151 menetet automatikusan kezeli. Minden sort elolvas. Megjel\u00f6li, ami sz\u00e1m\u00edt. Megmagyar\u00e1zza, mi v\u00e1ltozott.<\/p>\n<p>\u00dcgyv\u00e9dei fel\u00fclvizsg\u00e1lj\u00e1k, hogy mi ig\u00e9nyel emberi meg\u00edt\u00e9l\u00e9st. Amit nem, azt kihagyj\u00e1k. A szerz\u0151d\u00e9sek egyre jobbak lesznek. A munka gyorsabban megy.<\/p>\n\n\n<hr class=\"wp-block-separator has-alpha-channel-opacity\"\/>\n\n\n\n<h3 class=\"wp-block-heading\">A szerz\u0151d\u00e9s fel\u00fclvizsg\u00e1lati probl\u00e9ma<\/h3>\n\n\n<p>A szerz\u0151d\u00e9s fel\u00fclvizsg\u00e1lata nem bonyolult. Csak id\u0151ig\u00e9nyes.<\/p>\n<p>Sz\u00fcks\u00e9ged van r\u00e1:<\/p>\n<ul>\n<li>Keressen meg minden fontos z\u00e1rad\u00e9kot (id\u0151tartam, felel\u0151ss\u00e9g, felmond\u00e1s, titoktart\u00e1s, fizet\u00e9si felt\u00e9telek).<\/li>\n<li>Ellen\u0151rizze mindegyiket a szabv\u00e1nyok alapj\u00e1n<\/li>\n<li>Jel\u00f6lje meg a szokatlan dolgokat<\/li>\n<li>Felfedezni, hogy mi hi\u00e1nyzik<\/li>\n<li>Verzi\u00f3k \u00f6sszehasonl\u00edt\u00e1sa, ha vannak redline-ok<\/li>\n<li>Magyar\u00e1zza el mindezt a jogi nyelvtud\u00e1ssal nem rendelkez\u0151 \u00e9rdekelt feleknek.<\/li>\n<\/ul>\n\n<p>Egy szerz\u0151d\u00e9s? Tal\u00e1n 30-60 perc. T\u00edz szerz\u0151d\u00e9s? A f\u00e9l heted. Sz\u00e1z szerz\u0151d\u00e9s? A csapatod fuldoklik.<\/p>\n<p>A munkat\u00e1rsak \u00f3r\u00e1kat t\u00f6ltenek rutinellen\u0151rz\u00e9sekkel. A partnereket szabv\u00e1nyos szerz\u0151d\u00e9sekbe vonj\u00e1k be, mert elmarad\u00e1s van. Az \u00fczleti \u00fcgyletek jogi j\u00f3v\u00e1hagy\u00e1sra v\u00e1rnak.<\/p>\n<p>Nem az\u00e9rt, mert a munka neh\u00e9z. Mert t\u00fal sok van bel\u0151le.<\/p>\n\n\n<hr class=\"wp-block-separator has-alpha-channel-opacity\"\/>\n\n\n\n<h3 class=\"wp-block-heading\">Mit tesz a mesters\u00e9ges intelligencia a szerz\u0151d\u00e9sek fel\u00fclvizsg\u00e1lat\u00e1ban<\/h3>\n\n\n<p>A mesters\u00e9ges intelligencia \u00fagy olvassa a szerz\u0151d\u00e9seket, mint egy t\u00f6k\u00e9letes mem\u00f3ri\u00e1val \u00e9s v\u00e9gtelen id\u0151vel rendelkez\u0151 \u00fcgyv\u00e9d. Nem f\u00e1rad el. Nem hagyja ki a 47. oldalt. Soha nem mondja, hogy \"el\u00e9g k\u00f6zel volt\".<\/p>\n<p>A k\u00f6vetkez\u0151 t\u00f6rt\u00e9nik val\u00f3j\u00e1ban:<\/p>\n\n\n<h4 class=\"wp-block-heading\">1. Automatikus z\u00e1rad\u00e9k-kivonatol\u00e1s<\/h4>\n\n\n<p>Az AI elolvassa a teljes szerz\u0151d\u00e9st. Minden kulcsfontoss\u00e1g\u00fa z\u00e1rad\u00e9kot megtal\u00e1l. Kiemeli \u00e9s rendszerezi \u0151ket.<\/p>\n<p>L\u00e1tod:<\/p>\n<ul>\n<li>Szerz\u0151d\u00e9s id\u0151tartama: Szerz\u0151d\u00e9s id\u0151tartama: 3 \u00e9v, automatikusan meghosszabb\u00edthat\u00f3<\/li>\n<li>Felmond\u00e1s: 90 napos \u00edr\u00e1sbeli felmond\u00e1si id\u0151<\/li>\n<li>Felel\u0151ss\u00e9gi fels\u0151 hat\u00e1r: 12 havi d\u00edj<\/li>\n<li>Joghat\u00f3s\u00e1g: Delaware b\u00edr\u00f3s\u00e1gok, New York-i jog<\/li>\n<li>Bizalmass\u00e1g: K\u00f6lcs\u00f6n\u00f6s, a megsz\u0171n\u00e9s ut\u00e1n 5 \u00e9vig fennmarad.<\/li>\n<li>Fizet\u00e9si felt\u00e9telek: nett\u00f3 30<\/li>\n<\/ul>\n\n<p>Nincs vad\u00e1szat. Nincs g\u00f6rget\u00e9s. Nincs ctrl-F a s\u0171r\u0171 bekezd\u00e9seken kereszt\u00fcl. Minden fontos dolog egy n\u00e9zetben van.<\/p>\n\n\n<h4 class=\"wp-block-heading\">2. Kock\u00e1zatjelz\u00e9s a j\u00e1t\u00e9kk\u00f6nyvvel szemben<\/h4>\n\n\n<p>Minden v\u00e1llalatnak vannak szabv\u00e1nyai. El\u0151nyben r\u00e9szes\u00edtett felt\u00e9telek. V\u00f6r\u00f6s vonalak, amelyeket nem l\u00e9pnek \u00e1t.<\/p>\n<p>Az AI megtanulja a j\u00e1t\u00e9kk\u00f6nyvedet. Ezut\u00e1n minden szerz\u0151d\u00e9st \u00f6sszehasonl\u00edt vele.<\/p>\n<p>Ha valami elt\u00e9r, azt jelzi:<\/p>\n<ul>\n<li>\"Felel\u0151ss\u00e9gi z\u00e1rad\u00e9k: Ez korl\u00e1tlan felel\u0151ss\u00e9get tesz lehet\u0151v\u00e9. A szabv\u00e1nyos fels\u0151 hat\u00e1r 12 havi d\u00edj.\"<\/li>\n<li>\"Felmond\u00e1si z\u00e1rad\u00e9k: 120 napos felmond\u00e1si id\u0151 sz\u00fcks\u00e9ges. Az \u00f6n\u00f6k standardja 60 nap.\"<\/li>\n<li>\"IP-tulajdonjog: Az IP tulajdonjoga: A sz\u00e1ll\u00edt\u00f3 megtartja az \u00f6sszes IP-t. Az \u00d6n szabv\u00e1nya megk\u00f6veteli a munkaterm\u00e9k \u00e1truh\u00e1z\u00e1s\u00e1t.\"<\/li>\n<li>\"K\u00e1rtalan\u00edt\u00e1s: Egyoldal\u00faan az \u0151 javukra. Az \u00f6n\u00f6k m\u00e9rc\u00e9je k\u00f6lcs\u00f6n\u00f6s.\"<\/li>\n<\/ul>\n\n<p>Nem csak a sz\u00f6veget emeli ki. Megmagyar\u00e1zza, hogy mi\u00e9rt fontos.<\/p>\n\n\n<h4 class=\"wp-block-heading\">3. Hi\u00e1nyz\u00f3 z\u00e1rad\u00e9k felismer\u00e9se<\/h4>\n\n\n<p>N\u00e9ha nem az a probl\u00e9ma, ami ott van. Hanem az, ami nincs ott.<\/p>\n<p>Az AI ellen\u0151rzi a sz\u00fcks\u00e9ges elemeket:<\/p>\n<ul>\n<li>Nincs titoktart\u00e1si z\u00e1rad\u00e9k<\/li>\n<li>Nincs felel\u0151ss\u00e9gkorl\u00e1toz\u00e1s<\/li>\n<li>Nincs vis maior rendelkez\u00e9s<\/li>\n<li>Nincsenek adatv\u00e9delmi felt\u00e9telek (a GDPR-nak val\u00f3 megfelel\u00e9shez sz\u00fcks\u00e9ges)<\/li>\n<li>Nincs ellen\u0151rz\u00e9si jog<\/li>\n<\/ul>\n\n<p>Elkapja a hi\u00e1nyoss\u00e1gokat, miel\u0151tt azok probl\u00e9m\u00e1v\u00e1 v\u00e1ln\u00e1nak.<\/p>\n\n\n<h4 class=\"wp-block-heading\">4. Verzi\u00f3 \u00f6sszehasonl\u00edt\u00e1s \u00e9s v\u00e1ltoz\u00e1selemz\u00e9s<\/h4>\n\n\n<p>A v\u00f6r\u00f6s vonalak zavarosak. K\u00fcl\u00f6n\u00f6sen akkor, ha a v\u00e1ltoztat\u00e1sok t\u00f6bb k\u00f6r\u00f6sek.<\/p>\n<p>Az AI \u00f6sszehasonl\u00edtja a verzi\u00f3kat, \u00e9s elmagyar\u00e1zza, hogy mi v\u00e1ltozott val\u00f3j\u00e1ban:<\/p>\n<ul>\n<li>\"A fizet\u00e9si felt\u00e9telek nett\u00f3 30-r\u00f3l nett\u00f3 45-re v\u00e1ltoztak\"<\/li>\n<li>\"A felel\u0151ss\u00e9g fels\u0151 hat\u00e1ra korl\u00e1tlanr\u00f3l 12 h\u00f3napra cs\u00f6kkentett d\u00edjak\"<\/li>\n<li>\"\u00daj z\u00e1rad\u00e9kkal eg\u00e9sz\u00fcl ki: automatikus \u00e1remel\u00e9s 5% \u00e9vente\"<\/li>\n<li>\"A felmond\u00e1si id\u0151 60 napr\u00f3l 90 napra n\u0151tt\"<\/li>\n<\/ul>\n\n<p>Egyszer\u0171 nyelvezet. Nem kell \u00e9rtelmezni a Wordben nyomon k\u00f6vetett v\u00e1ltoz\u00e1sokat.<\/p>\n\n\n<h4 class=\"wp-block-heading\">5. Vezet\u0151i \u00f6sszefoglal\u00f3k<\/h4>\n\n\n<p>Nem mindenkinek kell 40 oldalt elolvasnia. A legt\u00f6bb \u00e9rdekelt f\u00e9lnek tudnia kell:<\/p>\n<ul>\n<li>Miben egyez\u00fcnk meg?<\/li>\n<li>Mennyi ideig tart?<\/li>\n<li>Melyek a legfontosabb k\u00f6telezetts\u00e9gek?<\/li>\n<li>Melyek a legfontosabb kock\u00e1zatok?<\/li>\n<li>Ki tudunk sz\u00e1llni, ha a dolgok rosszul mennek?<\/li>\n<\/ul>\n\n<p>A mesters\u00e9ges intelligencia egy egyoldalas \u00f6sszefoglal\u00f3t k\u00e9sz\u00edt. Kulcsfogalmak. Legfontosabb kock\u00e1zatok. Mi sz\u00e1m\u00edt. \u00dczletembereknek \u00edr\u00f3dott, nem jog\u00e1szoknak.<\/p>\n\n\n<hr class=\"wp-block-separator has-alpha-channel-opacity\"\/>\n\n\n\n<h3 class=\"wp-block-heading\">Mit jelent ez az \u00d6n sz\u00e1m\u00e1ra<\/h3>\n\n\n\n<h4 class=\"wp-block-heading\">D\u00f6nt\u00e9shoz\u00f3knak<\/h4>\n\n\n<p><strong>Gyorsabb \u00fczletk\u00f6t\u00e9si ciklusok.<\/strong><br \/>\nA szerz\u0151d\u00e9sek nem \u00e1llnak napokig a jogi oszt\u00e1lyon. Az els\u0151 \u00e1tad\u00e1s azonnal megt\u00f6rt\u00e9nik. Az \u00fcgyv\u00e9dek a t\u00e1rgyal\u00e1sra koncentr\u00e1lnak, nem az olvas\u00e1sra.<\/p>\n\n<p><strong>Alacsonyabb szerz\u0151d\u00e9senk\u00e9nti k\u00f6lts\u00e9g.<\/strong><br \/>\nA munkat\u00e1rsak nagyobb mennyis\u00e9get kezelnek. A partnerek az \u00f6sszetett \u00fcgyekre ford\u00edtanak id\u0151t, nem pedig a rutinszer\u0171 fel\u00fclvizsg\u00e1latokra. Kevesebb k\u00fcls\u0151 tan\u00e1csad\u00f3t vesznek ig\u00e9nybe.<\/p>\n\n<p><strong>Jobb kock\u00e1zatkezel\u00e9s.<\/strong><br \/>\nSemmi sem cs\u00faszik \u00e1t, mert valaki sietett. Minden szerz\u0151d\u00e9s ugyanolyan alapos els\u0151 fel\u00fclvizsg\u00e1latot kap.<\/p>\n\n<p><strong>Kisz\u00e1m\u00edthat\u00f3 fordulat.<\/strong><br \/>\nStandard szerz\u0151d\u00e9sek: ugyanazon a napon. \u00d6sszetett szerz\u0151d\u00e9sek: megfelel\u0151 priorit\u00e1s szerint. Nincs t\u00f6bb\u00e9 \"majd ha a jogi oszt\u00e1ly elint\u00e9zi\".<\/p>\n\n\n<h4 class=\"wp-block-heading\">\u00dcgyv\u00e9dek sz\u00e1m\u00e1ra<\/h4>\n\n\n<p><strong>Koncentr\u00e1ljon arra, ami sz\u00e1m\u00edt.<\/strong><br \/>\nHagyja ki a z\u00e1rad\u00e9k-kivonatol\u00e1st. Hagyja ki a verzi\u00f3-\u00f6sszehasonl\u00edt\u00e1st. Kezdje a mesters\u00e9ges intelligencia elemz\u00e9s\u00e9vel, \u00e9s \u00f6sszpontos\u00edtson az \u00edt\u00e9letalkot\u00e1sra.<\/p>\n\n<p><strong>Tov\u00e1bbi t\u00e9m\u00e1k felz\u00e1rk\u00f3ztat\u00e1sa.<\/strong><br \/>\nA mesters\u00e9ges intelligencia minden sz\u00f3t elolvas. Te a z\u00e1szl\u00f3kra koncentr\u00e1lsz. Semmi sem marad ki, mert aznap \u00e9ppen a 15-\u00f6s sz\u00e1m\u00fa szerz\u0151d\u00e9st n\u00e9zte \u00e1t.<\/p>\n\n<p><strong>Egy\u00e9rtelm\u0171 ellen\u0151rz\u00e9si nyomvonal.<\/strong><br \/>\nMinden fel\u00fclvizsg\u00e1lat dokument\u00e1lva van. Mit ellen\u0151riztek. Mit jel\u00f6ltek meg. Milyen d\u00f6nt\u00e9st hoztak \u00e9s mi\u00e9rt.<\/p>\n\n<p><strong>V\u00e9gezzen t\u00f6bb strat\u00e9giai munk\u00e1t.<\/strong><br \/>\nHa a rutinellen\u0151rz\u00e9sek 80% kevesebb id\u0151t vesznek ig\u00e9nybe, akkor marad ideje azokra a munk\u00e1kra, amelyek val\u00f3ban ig\u00e9nylik a szak\u00e9rtelm\u00e9t.<\/p>\n\n\n<h4 class=\"wp-block-heading\">Az \u00fczlet sz\u00e1m\u00e1ra<\/h4>\n\n\n<p><strong>Az \u00fcgyletek gyorsabban haladnak.<\/strong><br \/>\nA jogi szab\u00e1lyoz\u00e1s nem sz\u0171k keresztmetszet, hanem el\u0151seg\u00edt\u0151 t\u00e9nyez\u0151v\u00e9 v\u00e1lik. Az \u00e9rt\u00e9kes\u00edt\u00e9s gyorsabban z\u00e1r. A beszerz\u00e9s gyorsabban halad. A partners\u00e9gek gyorsabban indulnak.<\/p>\n\n<p><strong>Jobb besz\u00e1ll\u00edt\u00f3i kapcsolatok.<\/strong><br \/>\nA szerz\u0151d\u00e9sekkel kapcsolatos gyors visszajelz\u00e9s szakszer\u0171s\u00e9gr\u0151l tan\u00faskodik. Az elad\u00f3k tudj\u00e1k, hogy \u00d6n szervezett \u00e9s komolyan gondolja a dolgokat.<\/p>\n\n<p><strong>K\u00f6vetkezetess\u00e9g a v\u00e1llalaton bel\u00fcl.<\/strong><br \/>\nMinden szerz\u0151d\u00e9st ugyanazok alapj\u00e1n vizsg\u00e1lnak fel\u00fcl. Nincs elt\u00e9r\u00e9s aszerint, hogy ki mennyire el\u00e9rhet\u0151 vagy mennyire elfoglalt.<\/p>\n\n\n<hr class=\"wp-block-separator has-alpha-channel-opacity\"\/>\n\n\n\n<h3 class=\"wp-block-heading\">Val\u00f3s p\u00e9lda: NDA fel\u00fclvizsg\u00e1lata<\/h3>\n\n\n<p>A titoktart\u00e1si nyilatkozat szabv\u00e1nyos. L\u00e9nyeges is. \u00c9s felhalmoz\u00f3dnak.<\/p>\n<p>A mesters\u00e9ges intelligencia el\u0151tt:<\/p>\n<ul>\n<li>A t\u00e1rsult tag megkapja az NDA-k\u00e9relmet<\/li>\n<li>\u00c1tolvas 8 oldalt (t\u00f6bbnyire sz\u00f6veges r\u00e9sz)<\/li>\n<li>Ellen\u0151rzi a felt\u00e9teleket a v\u00e1llalati szabv\u00e1nyokkal szemben<\/li>\n<li>Megjel\u00f6li a probl\u00e9m\u00e1kat, v\u00e1ltoztat\u00e1sokat javasol<\/li>\n<li>E-mailben kifejti aggodalmait<\/li>\n<li>Id\u0151: 30-45 perc NDA-nk\u00e9nt<\/li>\n<\/ul>\n\n<p>AI-val:<\/p>\n<ul>\n<li>Az AI azonnal fel\u00fclvizsg\u00e1lja az NDA-t<\/li>\n<li>Kiemeli az \u00f6sszes kulcskifejez\u00e9st<\/li>\n<li>Z\u00e1szl\u00f3k: \"A bizalmas inform\u00e1ci\u00f3 meghat\u00e1roz\u00e1sa t\u00e1gabb a szabv\u00e1nyn\u00e1l\" \u00e9s \"Nincs kiv\u00e9tel a f\u00fcggetlen fejleszt\u00e9sre\".<\/li>\n<li>Javasolt nyelvezetet ad mindk\u00e9t k\u00e9rd\u00e9shez<\/li>\n<li>\u00d6sszefoglal\u00f3t k\u00e9sz\u00edt az \u00fczleti \u00e9rdekeltek sz\u00e1m\u00e1ra<\/li>\n<li>A t\u00e1rsult munkat\u00e1rs fel\u00fclvizsg\u00e1lja az AI-elemz\u00e9st \u00e9s j\u00f3v\u00e1hagyja\/m\u00f3dos\u00edtja<\/li>\n<li>Id\u0151: 5-10 perc NDA-nk\u00e9nt<\/li>\n<\/ul>\n\n<p>Ugyanaz a min\u0151s\u00e9g. 70% kevesebb id\u0151. Szorozza meg ezt \u00e9vi 200 NDA-val.<\/p>\n\n\n<hr class=\"wp-block-separator has-alpha-channel-opacity\"\/>\n\n\n\n<h3 class=\"wp-block-heading\">Amit az AI nem tud<\/h3>\n\n\n<p>Legy\u00fcnk tiszt\u00e1ban a korl\u00e1tokkal.<\/p>\n<p><strong>A mesters\u00e9ges intelligencia nem hoz \u00fczleti d\u00f6nt\u00e9seket.<\/strong><br \/>\nJelzi, hogy a felel\u0151ss\u00e9g korl\u00e1tlan. Nem d\u00f6nti el, hogy ez elfogadhat\u00f3-e az adott \u00fczlet eset\u00e9ben.<\/p>\n\n<p><strong>Az AI nem t\u00e1rgyal.<\/strong><br \/>\nMeghat\u00e1rozza a probl\u00e9m\u00e1kat. Nyelvi javaslatokat tesz. Az ember eld\u00f6nti, hogy mit kell er\u0151ltetni, \u00e9s mit kell engedni.<\/p>\n\n<p><strong>Az AI nem \u00edrja al\u00e1.<\/strong><br \/>\nMinden mesters\u00e9ges intelligencia fel\u00fclvizsg\u00e1lat emberi fel\u00fclvizsg\u00e1latot kap. A v\u00e9gs\u0151 d\u00f6nt\u00e9st tov\u00e1bbra is egy \u00fcgyv\u00e9d hozza meg. Az \u00fcgyv\u00e9d tov\u00e1bbra is felel\u0151s.<\/p>\n\n<p><strong>A mesters\u00e9ges intelligencia nem kezeli j\u00f3l a szokatlan helyzeteket.<\/strong><br \/>\nStandard szerz\u0151d\u00e9sek? T\u00f6k\u00e9letes. Komplex partners\u00e9gi meg\u00e1llapod\u00e1sok \u00fajszer\u0171 felt\u00e9telekkel? A mesters\u00e9ges intelligencia seg\u00edt, de a neh\u00e9z munk\u00e1t emberek v\u00e9gzik.<\/p>\n\n<p>Az AI egy m\u00e1sodpil\u00f3ta, nem robotpil\u00f3ta. \u0150 v\u00e9gzi az olvas\u00e1st \u00e9s az els\u0151 elemz\u00e9st. Az \u00fcgyv\u00e9dek gondolkodnak.<\/p>\n\n\n<hr class=\"wp-block-separator has-alpha-channel-opacity\"\/>\n\n\n\n<h3 class=\"wp-block-heading\">Hogyan kezdj\u00fcnk hozz\u00e1<\/h3>\n\n\n<p><strong>1. Hat\u00e1rozza meg a szerz\u0151d\u00e9st\u00edpusokat.<\/strong><br \/>\nMit vizsg\u00e1lsz \u00e1t a legt\u00f6bbet? NDA-kat? Szolg\u00e1ltat\u00e1si meg\u00e1llapod\u00e1sokat? Sz\u00e1ll\u00edt\u00f3i szerz\u0151d\u00e9seket? Kezdje a nagy volumen\u0171, szabv\u00e1nyos form\u00e1tumokkal.<\/p>\n\n<p><strong>2. Dokument\u00e1lja a j\u00e1t\u00e9kk\u00f6nyvet.<\/strong><br \/>\nMik a szok\u00e1sos felt\u00e9telei? Mik a v\u00f6r\u00f6s vonalak? Mit kell megjel\u00f6lni? Az AI ebb\u0151l tanul.<\/p>\n\n<p><strong>3. K\u00e9pezd a szerz\u0151d\u00e9seidet.<\/strong><br \/>\nAz AI megtanulja a st\u00edlusodat. A te elv\u00e1r\u00e1saidat. Az \u00d6n nyelvezet\u00e9t. Min\u00e9l t\u00f6bbet l\u00e1t, ann\u00e1l jobb lesz.<\/p>\n\n<p><strong>4. Kezdje egy pil\u00f3t\u00e1val.<\/strong><br \/>\nFuttasson AI fel\u00fclvizsg\u00e1latot az emberi fel\u00fclvizsg\u00e1lat mellett. Hasonl\u00edtsa \u00f6ssze az eredm\u00e9nyeket. \u00c9p\u00edtsen bizalmat. Finom\u00edtsa a rendszert.<\/p>\n\n<p><strong>5. Fokozatosan terjeszkedjen.<\/strong><br \/>\nKezdje az NDA-kkal. Adja hozz\u00e1 a szolg\u00e1ltat\u00e1si meg\u00e1llapod\u00e1sokat. Adja hozz\u00e1 a sz\u00e1ll\u00edt\u00f3i szerz\u0151d\u00e9seket. L\u00e9p\u00e9sr\u0151l l\u00e9p\u00e9sre \u00e9p\u00edtse ki a bizalmat.<\/p>\n\n\n<hr class=\"wp-block-separator has-alpha-channel-opacity\"\/>\n\n\n\n<h3 class=\"wp-block-heading\">Gyakori k\u00e9rd\u00e9sek<\/h3>\n\n\n<p><strong>Fel\u00fcl tudja vizsg\u00e1lni a k\u00fcl\u00f6nb\u00f6z\u0151 form\u00e1tum\u00fa szerz\u0151d\u00e9seket?<\/strong><br \/>\nIgen. PDF-ek. Word-dokumentumok. Szkennelt dokumentumok. A mesters\u00e9ges intelligencia a sz\u00f6veget kivonja \u00e9s a strukt\u00far\u00e1t elemzi, form\u00e1tumt\u00f3l f\u00fcggetlen\u00fcl.<\/p>\n\n<p><strong>Mi a helyzet a nem szabv\u00e1nyos szerz\u0151d\u00e9sekkel?<\/strong><br \/>\nAz AI kezeli \u0151ket, de kev\u00e9sb\u00e9 magabiztosan. M\u00e9g mindig kivonja a z\u00e1rad\u00e9kokat \u00e9s jelzi a probl\u00e9m\u00e1kat, de t\u00f6bb emberi fel\u00fclvizsg\u00e1latra lesz sz\u00fcks\u00e9g.<\/p>\n\n<p><strong>M\u00e1s nyelv\u0171 szerz\u0151d\u00e9sek eset\u00e9n is m\u0171k\u00f6dik?<\/strong><br \/>\nIgen. A mesters\u00e9ges intelligencia t\u00f6bb nyelven is k\u00e9pes elolvasni \u00e9s elemezni a szerz\u0151d\u00e9seket. A pontoss\u00e1g a nyelvi \u00f6sszetetts\u00e9gt\u0151l f\u00fcgg\u0151en v\u00e1ltozik.<\/p>\n\n<p><strong>Mennyire pontos?<\/strong><br \/>\nA standard szerz\u0151d\u00e9sek eset\u00e9ben: 90-95% pontoss\u00e1g a z\u00e1rad\u00e9kok kivon\u00e1sa \u00e9s a kock\u00e1zatok megjel\u00f6l\u00e9se tekintet\u00e9ben. Ez\u00e9rt van sz\u00fcks\u00e9g m\u00e9g mindig emberi fel\u00fclvizsg\u00e1latra.<\/p>\n\n<p><strong>Mi a helyzet a titoktart\u00e1ssal?<\/strong><br \/>\nAz \u00d6n szerz\u0151d\u00e9sei mag\u00e1njelleg\u0171ek maradnak. Telep\u00edthetj\u00fck helyben vagy az \u00d6n biztons\u00e1gos felh\u0151k\u00f6rnyezet\u00e9ben. Egyetlen adat sem hagyja el az \u00d6n ellen\u0151rz\u00e9s\u00e9t.<\/p>\n\n<p><strong>Mennyi id\u0151 m\u00falva lesz produkt\u00edv?<\/strong><br \/>\nAlapvet\u0151 funkcionalit\u00e1s: azonnali. Az \u00d6n ig\u00e9nyeihez igaz\u00edtva: 2-4 h\u00e9t. Teljesen optimaliz\u00e1lt: 2-3 h\u00f3nap visszajelz\u00e9s.<\/p>\n\n\n<hr class=\"wp-block-separator has-alpha-channel-opacity\"\/>\n\n\n\n<h3 class=\"wp-block-heading\">A l\u00e9nyeg<\/h3>\n\n\n<p>A szerz\u0151d\u00e9sek fel\u00fclvizsg\u00e1lat\u00e1nak nem kell sz\u0171k keresztmetszetet jelentenie.<\/p>\n<p>Az AI kezeli a leolvas\u00e1st, a kivonatol\u00e1st, az \u00f6sszehasonl\u00edt\u00e1st \u00e9s az els\u0151 elemz\u00e9st. Az \u00f6n\u00f6k jog\u00e1szai kezelik az \u00edt\u00e9lkez\u00e9si feladatokat.<\/p>\n<p>Az eredm\u00e9ny gyorsabb \u00e1tfut\u00e1si id\u0151, alacsonyabb k\u00f6lts\u00e9gek, jobb k\u00f6vetkezetess\u00e9g, \u00e9s az \u00fcgyv\u00e9dek olyan munk\u00e1t v\u00e9geznek, amelyhez val\u00f3ban sz\u00fcks\u00e9g van a szak\u00e9rtelm\u00fckre.<\/p>\n<p>Nincs hype. Semmi var\u00e1zslat. Csak gyakorlatias automatiz\u00e1l\u00e1s, amely hat\u00e9konyabb\u00e1 teszi a csapat\u00e1t.<\/p>\n\n\n<hr class=\"wp-block-separator has-alpha-channel-opacity\"\/>\n\n\n\n<h3 class=\"wp-block-heading\">K\u00e9szen \u00e1ll a szerz\u0151d\u00e9sek fel\u00fclvizsg\u00e1lat\u00e1nak felgyors\u00edt\u00e1s\u00e1ra?<\/h3>\n\n\n<p>Minden jogi csapat k\u00fcl\u00f6nb\u00f6z\u0151 szerz\u0151d\u00e9st\u00edpusokkal, k\u00fcl\u00f6nb\u00f6z\u0151 szabv\u00e1nyokkal \u00e9s munkafolyamatokkal rendelkezik.<\/p>\n<p>Nem \u00e1ltal\u00e1nos megold\u00e1sokat \u00e1rulunk. Az \u00d6n egyedi szerz\u0151d\u00e9seit vizsg\u00e1ljuk. Azonos\u00edtjuk, hogy az AI hol seg\u00edt a legt\u00f6bbet. Olyan rendszert \u00e9p\u00edt\u00fcnk, amely illeszkedik az \u00d6n folyamataihoz.<\/p>\n<p>Besz\u00e9lj\u00fcnk az \u00d6n szerz\u0151d\u00e9s-fel\u00fclvizsg\u00e1lati folyamat\u00e1r\u00f3l, \u00e9s arr\u00f3l, hogy az AI hol jelenthet val\u00f3di v\u00e1ltoz\u00e1st.<\/p>\n\n<p><a href=\"https:\/\/www.leaplytics.de\/hu\/kontakt\/\">Besz\u00e9lje meg a szerz\u0151d\u00e9s fel\u00fclvizsg\u00e1lati ig\u00e9nyeit<\/a><\/p>\n\n<p><a href=\"https:\/\/www.leaplytics.de\/hu\/jogi-ai\/\">Vissza a Jogi AI \u00e1ttekint\u00e9s oldalra<\/a><\/p>","protected":false},"excerpt":{"rendered":"<p>Mesters\u00e9ges intelligencia a szerz\u0151d\u00e9s-\u00e1ttekint\u00e9shez: 60%-vel cs\u00f6kkentse az \u00e1ttekint\u00e9si id\u0151t a min\u0151s\u00e9g roml\u00e1sa n\u00e9lk\u00fcl A csapata \u00e9vente t\u00f6bb sz\u00e1z szerz\u0151d\u00e9st vizsg\u00e1l \u00e1t. Titoktart\u00e1si meg\u00e1llapod\u00e1sok. Szolg\u00e1ltat\u00e1si szerz\u0151d\u00e9sek. Megrendel\u00e9sek. Munkaszerz\u0151d\u00e9sek. Besz\u00e1ll\u00edt\u00f3i szerz\u0151d\u00e9sek. Partners\u00e9gi meg\u00e1llapod\u00e1sok. Mindegyikre oda kell figyelni. Minden z\u00e1rad\u00e9kot ellen\u0151rizni kell. Minden elt\u00e9r\u00e9st a szabv\u00e1nyt\u00f3l jel\u00f6lni kell. A munka elengedhetetlen. Ugyanakkor monoton is. \u00c9s soha nem \u2026 <\/p>","protected":false},"author":2,"featured_media":0,"parent":0,"menu_order":0,"comment_status":"closed","ping_status":"closed","template":"","meta":{"footnotes":""},"class_list":["post-14461","page","type-page","status-publish","hentry","latest_post"],"_links":{"self":[{"href":"https:\/\/www.leaplytics.de\/hu\/wp-json\/wp\/v2\/pages\/14461","targetHints":{"allow":["GET"]}}],"collection":[{"href":"https:\/\/www.leaplytics.de\/hu\/wp-json\/wp\/v2\/pages"}],"about":[{"href":"https:\/\/www.leaplytics.de\/hu\/wp-json\/wp\/v2\/types\/page"}],"author":[{"embeddable":true,"href":"https:\/\/www.leaplytics.de\/hu\/wp-json\/wp\/v2\/users\/2"}],"replies":[{"embeddable":true,"href":"https:\/\/www.leaplytics.de\/hu\/wp-json\/wp\/v2\/comments?post=14461"}],"version-history":[{"count":1,"href":"https:\/\/www.leaplytics.de\/hu\/wp-json\/wp\/v2\/pages\/14461\/revisions"}],"predecessor-version":[{"id":14468,"href":"https:\/\/www.leaplytics.de\/hu\/wp-json\/wp\/v2\/pages\/14461\/revisions\/14468"}],"wp:attachment":[{"href":"https:\/\/www.leaplytics.de\/hu\/wp-json\/wp\/v2\/media?parent=14461"}],"curies":[{"name":"wp","href":"https:\/\/api.w.org\/{rel}","templated":true}]}}